{"id":6914,"date":"2025-12-12T14:02:42","date_gmt":"2025-12-12T13:02:42","guid":{"rendered":"https:\/\/intercultural-learning.eu\/recommandations-des-enseignants\/"},"modified":"2026-02-09T15:32:26","modified_gmt":"2026-02-09T14:32:26","slug":"recommandations-des-enseignants","status":"publish","type":"page","link":"https:\/\/intercultural-learning.eu\/fr\/recommandations-des-enseignants\/","title":{"rendered":"Recommandations des enseignants"},"content":{"rendered":"\n<h3 class=\"wp-block-heading has-text-align-left\">Vous trouverez ci-dessous une liste de recommandations \u00e0 l&rsquo;intention des enseignants pour promouvoir les valeurs de la citoyennet\u00e9 mondiale<\/h3>\n\n\n\n<div style=\"height:32px\" aria-hidden=\"true\" class=\"wp-block-spacer\"><\/div>\n\n\n\n<div class=\"wp-block-columns is-layout-flex wp-container-core-columns-is-layout-1 wp-block-columns-is-layout-flex\">\n<div class=\"wp-block-column is-layout-flow wp-block-column-is-layout-flow\" style=\"flex-basis:66.66%\">\n<ol start=\"1\" class=\"wp-block-list\">\n<li><strong>Adoptez un comportement exemplaire en mati\u00e8re de valeurs de citoyennet\u00e9 mondiale<\/strong>&nbsp;<\/li>\n<\/ol>\n\n\n\n<ul class=\"wp-block-list\">\n<li>Faire preuve en permanence d&rsquo;\u00e9quit\u00e9, d&rsquo;\u00e9galit\u00e9 et d&rsquo;inclusion. <\/li>\n<\/ul>\n\n\n\n<ul class=\"wp-block-list\">\n<li>Veiller \u00e0 ce que tous les \u00e9l\u00e8ves se sentent socialement inclus et respect\u00e9s.&nbsp;<\/li>\n<\/ul>\n\n\n\n<ul class=\"wp-block-list\">\n<li>\u00c9vitez le favoritisme ; traitez tous les \u00e9l\u00e8ves \u00e9quitablement afin de renforcer la valeur de l&rsquo;\u00e9galit\u00e9.&nbsp;<\/li>\n<\/ul>\n\n\n\n<ol start=\"2\" class=\"wp-block-list\">\n<li><strong>Alignez vos actions avec les valeurs que vous promouvez.<\/strong>&nbsp;<\/li>\n<\/ol>\n\n\n\n<ul class=\"wp-block-list\">\n<li>Ne vous contentez pas de parler de valeurs comme l&rsquo;\u00e9quit\u00e9 et l&rsquo;inclusion \u2013 incarnez-les.&nbsp;<\/li>\n<\/ul>\n\n\n\n<ul class=\"wp-block-list\">\n<li>Les incoh\u00e9rences entre les valeurs affich\u00e9es et les comportements (par exemple, le fait de favoriser certains \u00e9l\u00e8ves) nuisent \u00e0 l\u2019adoption de ces valeurs par les \u00e9l\u00e8ves.&nbsp;<\/li>\n<\/ul>\n<\/div>\n\n\n\n<div class=\"wp-block-column is-layout-flow wp-block-column-is-layout-flow\" style=\"flex-basis:33.33%\">\n<figure class=\"wp-block-image size-full is-resized\"><img loading=\"lazy\" decoding=\"async\" width=\"407\" height=\"620\" src=\"https:\/\/intercultural-learning.eu\/wp-content\/uploads\/2025\/09\/Screenshot-2025-09-16-143441.png\" alt=\"\" class=\"wp-image-6575\" style=\"width:263px;height:auto\" srcset=\"https:\/\/intercultural-learning.eu\/wp-content\/uploads\/2025\/09\/Screenshot-2025-09-16-143441.png 407w, https:\/\/intercultural-learning.eu\/wp-content\/uploads\/2025\/09\/Screenshot-2025-09-16-143441-197x300.png 197w\" sizes=\"(max-width: 407px) 100vw, 407px\" \/><\/figure>\n<\/div>\n<\/div>\n\n\n\n<ol start=\"3\" class=\"wp-block-list\">\n<li><strong>Utilisez le cercle de valeurs de Schwartz pour guider l&rsquo;enseignement<\/strong>&nbsp;<\/li>\n<\/ol>\n\n\n\n<ul class=\"wp-block-list\">\n<li>Mettre l&rsquo;accent sur la promotion des valeurs universalistes (par exemple, aider les plus faibles, prot\u00e9ger l&rsquo;environnement), qui sont le fondement de la citoyennet\u00e9 mondiale.&nbsp;<\/li>\n<\/ul>\n\n\n\n<ul class=\"wp-block-list\">\n<li>Encourager l&rsquo;autonomie et la bienveillance, qui sont des valeurs voisines et soutiennent la citoyennet\u00e9 mondiale.&nbsp;<\/li>\n<\/ul>\n\n\n\n<ul class=\"wp-block-list\">\n<li>\u00c9vitez de promouvoir des valeurs de pouvoir (par exemple, une comp\u00e9titivit\u00e9 excessive), qui contredisent les objectifs de citoyennet\u00e9 mondiale.&nbsp;<\/li>\n<\/ul>\n\n\n\n<div style=\"height:32px\" aria-hidden=\"true\" class=\"wp-block-spacer\"><\/div>\n\n\n\n<ol start=\"4\" class=\"wp-block-list\">\n<li><strong>Concevoir des proc\u00e9dures de classe qui expriment les valeurs de la citoyennet\u00e9 mondiale<\/strong>&nbsp;<\/li>\n<\/ol>\n\n\n\n<ul class=\"wp-block-list\">\n<li>\u00c9tablissez des r\u00e8gles et des normes de classe qui favorisent l&rsquo;\u00e9quit\u00e9, l&rsquo;inclusion et la collaboration.&nbsp;<\/li>\n<\/ul>\n\n\n\n<ul class=\"wp-block-list\">\n<li>Favoriser la participation et la responsabilisation des \u00e9l\u00e8ves dans la cr\u00e9ation d&rsquo;un environnement de classe respectueux et juste.&nbsp;<\/li>\n<\/ul>\n\n\n\n<div style=\"height:32px\" aria-hidden=\"true\" class=\"wp-block-spacer\"><\/div>\n\n\n\n<div class=\"wp-block-columns is-layout-flex wp-container-core-columns-is-layout-2 wp-block-columns-is-layout-flex\">\n<div class=\"wp-block-column is-layout-flow wp-block-column-is-layout-flow\" style=\"flex-basis:33.33%\">\n<figure class=\"wp-block-image size-full\"><img loading=\"lazy\" decoding=\"async\" width=\"614\" height=\"500\" src=\"https:\/\/intercultural-learning.eu\/wp-content\/uploads\/2025\/09\/Screenshot-2025-09-16-143805.png\" alt=\"\" class=\"wp-image-6580\" srcset=\"https:\/\/intercultural-learning.eu\/wp-content\/uploads\/2025\/09\/Screenshot-2025-09-16-143805.png 614w, https:\/\/intercultural-learning.eu\/wp-content\/uploads\/2025\/09\/Screenshot-2025-09-16-143805-300x244.png 300w\" sizes=\"(max-width: 614px) 100vw, 614px\" \/><\/figure>\n<\/div>\n\n\n\n<div class=\"wp-block-column is-layout-flow wp-block-column-is-layout-flow\" style=\"flex-basis:66.66%\">\n<ol start=\"5\" class=\"wp-block-list\">\n<li><strong>Offrir des opportunit\u00e9s d&rsquo;expression des valeurs<\/strong>&nbsp;<\/li>\n<\/ol>\n\n\n\n<ul class=\"wp-block-list\">\n<li>Int\u00e9grez \u00e0 votre programme des activit\u00e9s telles que le b\u00e9n\u00e9volat, les projets environnementaux ou l&rsquo;action sociale.&nbsp;<\/li>\n<\/ul>\n\n\n\n<ul class=\"wp-block-list\">\n<li>Ces comportements aident les \u00e9l\u00e8ves \u00e0 int\u00e9rioriser les valeurs de la citoyennet\u00e9 mondiale gr\u00e2ce \u00e0 une participation active.&nbsp;<\/li>\n<\/ul>\n\n\n\n<div style=\"height:32px\" aria-hidden=\"true\" class=\"wp-block-spacer\"><\/div>\n\n\n\n<ol start=\"6\" class=\"wp-block-list\">\n<li>Promouvoir l&rsquo;excellence personnelle plut\u00f4t que la comp\u00e9tition&nbsp;<\/li>\n<\/ol>\n\n\n\n<ul class=\"wp-block-list\">\n<li>Encouragez le d\u00e9veloppement personnel et la cr\u00e9ativit\u00e9 (l&rsquo;autonomie) plut\u00f4t que de chercher \u00e0 \u00eatre \u00ab meilleur que les autres \u00bb.&nbsp;<\/li>\n<\/ul>\n\n\n\n<ul class=\"wp-block-list\">\n<li>\u00c9vitez de trop mettre l&rsquo;accent sur la victoire ou la performance sup\u00e9rieure \u00e0 celle de vos pairs, car cela pourrait nuire \u00e0 l&#8217;empathie et \u00e0 la coop\u00e9ration.&nbsp;<\/li>\n<\/ul>\n<\/div>\n<\/div>\n\n\n\n<div style=\"height:32px\" aria-hidden=\"true\" class=\"wp-block-spacer\"><\/div>\n\n\n\n<ol start=\"7\" class=\"wp-block-list\">\n<li><strong>Soutenir la participation aux programmes de mobilit\u00e9 internationale (lorsque possible)<\/strong>&nbsp;<\/li>\n<\/ol>\n\n\n\n<ul class=\"wp-block-list\">\n<li>Promouvoir et soutenir la participation des \u00e9tudiants \u00e0 des programmes d&rsquo;\u00e9tudes \u00e0 l&rsquo;\u00e9tranger de longue dur\u00e9e (de pr\u00e9f\u00e9rence d&rsquo;un an).&nbsp;<\/li>\n<\/ul>\n\n\n\n<ul class=\"wp-block-list\">\n<li>Ces exp\u00e9riences renforcent consid\u00e9rablement les comportements de citoyennet\u00e9 mondiale, surtout lorsque les \u00e9l\u00e8ves se sentent soutenus et participent \u00e0 des activit\u00e9s communautaires.&nbsp;<\/li>\n<\/ul>\n\n\n\n<div style=\"height:32px\" aria-hidden=\"true\" class=\"wp-block-spacer\"><\/div>\n\n\n\n<ol start=\"8\" class=\"wp-block-list\">\n<li><strong>Favoriser des relations de soutien lors d&rsquo;exp\u00e9riences interculturelles<\/strong>&nbsp;<\/li>\n<\/ol>\n\n\n\n<ul class=\"wp-block-list\">\n<li>Si vous participez \u00e0 des programmes d&rsquo;\u00e9change ou de mobilit\u00e9 \u00e9tudiante, assurez-vous que les \u00e9tudiants se sentent soutenus \u00e9motionnellement et aient acc\u00e8s \u00e0 des activit\u00e9s communautaires.&nbsp;<\/li>\n<\/ul>\n\n\n\n<ul class=\"wp-block-list\">\n<li>Ces facteurs contribuent \u00e0 maintenir ou \u00e0 renforcer les valeurs de citoyennet\u00e9 mondiale lors de s\u00e9jours \u00e0 l&rsquo;\u00e9tranger.&nbsp;<\/li>\n<\/ul>\n\n\n\n<div style=\"height:32px\" aria-hidden=\"true\" class=\"wp-block-spacer\"><\/div>\n\n\n\n<ol start=\"9\" class=\"wp-block-list\">\n<li><strong>Encourager la r\u00e9flexion sur les exp\u00e9riences interculturelles<\/strong>&nbsp;<\/li>\n<\/ol>\n\n\n\n<ul class=\"wp-block-list\">\n<li>Faciliter les discussions ou les travaux qui aident les \u00e9tudiants \u00e0 assimiler et \u00e0 exprimer ce qu&rsquo;ils apprennent des rencontres interculturelles ou des exp\u00e9riences de mobilit\u00e9.&nbsp;<\/li>\n<\/ul>\n\n\n\n<ul class=\"wp-block-list\">\n<li>Cela favorise l&rsquo;int\u00e9gration \u00e0 long terme des comportements de citoyennet\u00e9 mondiale.&nbsp;<\/li>\n<\/ul>\n\n\n\n<hr class=\"wp-block-separator has-alpha-channel-opacity\">\n\n\n<h6><span style=\"color: #808080;\">Cette page web a \u00e9t\u00e9 cr\u00e9\u00e9e en 2025 par la professeure Anat Bardi et son \u00e9quipe (Rebekah Cooper, Lina Vergopoulos et Saskia Schonberger) sur la base de ses r\u00e9sultats de recherche et de ceux d&rsquo;autres chercheurs, dans le cadre d&rsquo;un projet financ\u00e9 par le Conseil de recherche \u00e9conomique et sociale. The copyright of this webpage belongs to Royal Holloway and Bedford New College under the creative commons CC BY-NC-ND licence.<\/span><\/h6>\n\n\n<p><\/p>\n","protected":false},"excerpt":{"rendered":"<p>Vous trouverez ci-dessous une liste de recommandations \u00e0 l&rsquo;intention des enseignants pour promouvoir les valeurs de la citoyennet\u00e9 mondiale Cette page web a \u00e9t\u00e9 cr\u00e9\u00e9e en 2025 par la professeure Anat Bardi et son \u00e9quipe (Rebekah Cooper, Lina Vergopoulos et Saskia Schonberger) sur la base de ses r\u00e9sultats de recherche et de ceux d&rsquo;autres chercheurs, [&hellip;]<\/p>\n","protected":false},"author":3,"featured_media":0,"parent":0,"menu_order":0,"comment_status":"closed","ping_status":"closed","template":"","meta":{"_themeisle_gutenberg_block_has_review":false,"footnotes":""},"class_list":["post-6914","page","type-page","status-publish","hentry"],"_links":{"self":[{"href":"https:\/\/intercultural-learning.eu\/fr\/wp-json\/wp\/v2\/pages\/6914\/"}],"collection":[{"href":"https:\/\/intercultural-learning.eu\/fr\/wp-json\/wp\/v2\/pages\/"}],"about":[{"href":"https:\/\/intercultural-learning.eu\/fr\/wp-json\/wp\/v2\/types\/page\/"}],"author":[{"embeddable":true,"href":"https:\/\/intercultural-learning.eu\/fr\/wp-json\/wp\/v2\/users\/3\/"}],"replies":[{"embeddable":true,"href":"https:\/\/intercultural-learning.eu\/fr\/wp-json\/wp\/v2\/comments\/?post=6914"}],"version-history":[{"count":1,"href":"https:\/\/intercultural-learning.eu\/fr\/wp-json\/wp\/v2\/pages\/6914\/revisions\/"}],"predecessor-version":[{"id":6915,"href":"https:\/\/intercultural-learning.eu\/fr\/wp-json\/wp\/v2\/pages\/6914\/revisions\/6915\/"}],"wp:attachment":[{"href":"https:\/\/intercultural-learning.eu\/fr\/wp-json\/wp\/v2\/media\/?parent=6914"}],"curies":[{"name":"wp","href":"https:\/\/api.w.org\/{rel}","templated":true}]}}