{"id":3359,"date":"2018-09-17T17:31:57","date_gmt":"2018-09-17T15:31:57","guid":{"rendered":"http:\/\/intercultural-learning.eu\/formation-denseignants\/agenda-trois-jours\/conclusion\/"},"modified":"2018-09-20T14:12:17","modified_gmt":"2018-09-20T12:12:17","slug":"conclusion","status":"publish","type":"page","link":"https:\/\/intercultural-learning.eu\/fr\/formation-denseignants\/agenda-trois-jours\/conclusion\/","title":{"rendered":"Conclusion"},"content":{"rendered":"<p>[vc_row][vc_column][vc_column_text]<\/p>\n<h1><span style=\"font-weight: 400;\">CONCLUSION<\/span><\/h1>\n<p>[\/vc_column_text][\/vc_column][\/vc_row][vc_row][vc_column][vc_column_text]<b>Temps requis <\/b><span style=\"font-weight: 400;\">45 minutes<\/span>[\/vc_column_text][\/vc_column][\/vc_row][vc_row][vc_column width=\u00a0\u00bb1\/3&Prime;][vc_column_text]<\/p>\n<h4><b>Buts de la session<\/b><\/h4>\n<ul>\n<li><span style=\"font-weight: 400;\">Cr\u00e9er un espace pour permettre aux participants de r\u00e9fl\u00e9chir sur l\u2019apprentissage re\u00e7u lors de la formation<\/span><\/li>\n<li><span style=\"font-weight: 400;\">Faire \u00e9valuer la formation aux participants<\/span><\/li>\n<\/ul>\n<p>[\/vc_column_text][\/vc_column][vc_column width=\u00a0\u00bb1\/3&Prime;][vc_column_text]<\/p>\n<h4><b>Objectifs d\u2019apprentissage<\/b><\/h4>\n<p><span style=\"font-weight: 400;\">A la fin de la session, les participants sauront:<\/span><\/p>\n<ol>\n<li style=\"font-weight: 400;\"><span style=\"font-weight: 400;\">R\u00e9fl\u00e9chir sur le contenu et les comp\u00e9tences acquises lors de la formation<\/span><\/li>\n<li style=\"font-weight: 400;\"><span style=\"font-weight: 400;\">Partager leurs impressions g\u00e9n\u00e9rales sur la formation<\/span><\/li>\n<\/ol>\n<p>[\/vc_column_text][\/vc_column][vc_column width=\u00a0\u00bb1\/3&Prime;][vc_column_text]<\/p>\n<h4><b>Am\u00e9nagement de l\u2019espace<\/b><\/h4>\n<ul>\n<li style=\"font-weight: 400;\"><span style=\"font-weight: 400;\">Chaises en demi-cercle<\/span><\/li>\n<li style=\"font-weight: 400;\"><span style=\"font-weight: 400;\">Un espace o\u00f9 les participants peuvent se d\u00e9placer librement<\/span><\/li>\n<\/ul>\n<p>[\/vc_column_text][\/vc_column][\/vc_row][vc_row][vc_column][vc_column_text]<\/p>\n<h4><b>Mat\u00e9riel n\u00e9cessaire<\/b><\/h4>\n<ul>\n<li style=\"font-weight: 400;\"><span style=\"font-weight: 400;\">Un paper-board<\/span><\/li>\n<li style=\"font-weight: 400;\"><span style=\"font-weight: 400;\">Des marqueurs de couleur<\/span><\/li>\n<li style=\"font-weight: 400;\"><span style=\"font-weight: 400;\">Des gommettes de couleurs<\/span><\/li>\n<li style=\"font-weight: 400;\"><span style=\"font-weight: 400;\">Des certificats \u2013 si disponibles<\/span><\/li>\n<\/ul>\n<p>[\/vc_column_text][\/vc_column][\/vc_row][vc_row][vc_column][vc_column_text]<\/p>\n<h2><b>Description de la session pas \u00e0 pas<\/b><\/h2>\n<p>[\/vc_column_text][\/vc_column][\/vc_row][vc_row][vc_column][vc_column_text]<\/p>\n<h3><span style=\"font-weight: 400;\">ACTIVITE 1 : REFLEXION (30 MINS)<\/span><\/h3>\n<p><span style=\"font-weight: 400;\">Utilisez une des activit\u00e9s de votre choix pour permettre aux participants de r\u00e9fl\u00e9chir sur ce qu\u2019ils ont appris lors de l\u2019atelier. Quelques id\u00e9es peuvent inclure:<\/span><\/p>\n<ol>\n<li style=\"font-weight: 400;\"><span style=\"font-weight: 400;\">Les trois apprentissages des <a href=\"https:\/\/intercultural-learning.eu\/evaluationmethods-2\/\"><span style=\"font-weight: 400;\">m\u00e9thodes d\u2019\u00e9valuation<\/span><\/a><span style=\"font-weight: 400;\"> de la bo\u00eete \u00e0 outil.<\/span><\/span><\/li>\n<li style=\"font-weight: 400;\"><span style=\"font-weight: 400;\">ou avoir quatre paper-boards \u00e9parpill\u00e9s dans la salle o\u00f9 il est \u00e9crit:<\/span><\/li>\n<\/ol>\n<ul>\n<li style=\"list-style-type: none;\">\n<ul>\n<li style=\"list-style-type: none;\">\n<ul>\n<li style=\"font-weight: 400;\"><span style=\"font-weight: 400;\">Quel a \u00e9t\u00e9 votre moment de r\u00e9v\u00e9lation?<\/span><\/li>\n<li style=\"font-weight: 400;\"><span style=\"font-weight: 400;\">Quel sujet aimeriez-vous approfondir?<\/span><\/li>\n<li style=\"font-weight: 400;\"><span style=\"font-weight: 400;\">Quelle a \u00e9t\u00e9 la chose la plus importante que vous ayez appris lors de cette formation?<\/span><\/li>\n<li style=\"font-weight: 400;\"><span style=\"font-weight: 400;\">Comment allez-vous mettre en \u0153uvre ce que vous avez appris?<\/span><\/li>\n<\/ul>\n<\/li>\n<li style=\"font-weight: 400;\"><span style=\"font-weight: 400;\">Les participants se baladent dans la pi\u00e8ce afin d\u2019\u00e9crire sur chaque paper-board<\/span><\/li>\n<li style=\"font-weight: 400;\"><span style=\"font-weight: 400;\">Une fois termin\u00e9, pr\u00e9sentez celles-ci au groupe et demandez \u00e0 quelques volontaires de les commenter<\/span><\/li>\n<\/ul>\n<\/li>\n<\/ul>\n<p>[\/vc_column_text][\/vc_column][\/vc_row][vc_row][vc_column][vc_column_text]<\/p>\n<h3><span style=\"font-weight: 400;\">ACTIVITE 2 : REMERCIEMENTS (5 MINS)<\/span><\/h3>\n<p><span style=\"font-weight: 400;\">Remerciez les participants pour leur int\u00e9r\u00eat et engagement et souhaitez-leur du succ\u00e8s pour la mise en \u0153uvre de leur plan d\u2019action et l\u2019animation des activit\u00e9s dans leur \u00e9tablissement et avec leurs \u00e9l\u00e8ves.<\/span>[\/vc_column_text][\/vc_column][\/vc_row][vc_row][vc_column][vc_column_text]<\/p>\n<h3><span style=\"font-weight: 400;\">ACTIVITE 3 : EVALUATION (10 MINS)<\/span><\/h3>\n<ol>\n<li style=\"font-weight: 400;\"><span style=\"font-weight: 400;\">Demandez aux participants une \u00e9valuation. Vous pouvez utiliser l\u2019activit\u00e9 Cible ou l\u2019activit\u00e9 Feu tricolore des <a href=\"https:\/\/intercultural-learning.eu\/evaluationmethods-2\/\"><span style=\"font-weight: 400;\">m\u00e9thodes d\u2019\u00e9valuation visuelle<\/span><\/a> ou vous pouvez leur demander d\u2019\u00e9valuer la formation sur les bases des outils que vous utilisez souvent (questionnaires, posters avec images, etc\u2026)<\/span><span style=\"font-weight: 400;\">. <\/span><\/li>\n<li style=\"font-weight: 400;\"><span style=\"font-weight: 400;\">Assurez-vous que tous les formateurs sortent de la salle lorsque les participants remplissent l\u2019\u00e9valuation sur les paper-boards pour \u00e9viter toutes formes de pression.<\/span><\/li>\n<\/ol>\n<p>[\/vc_column_text][\/vc_column][\/vc_row]<\/p>\n","protected":false},"excerpt":{"rendered":"<p>[vc_row][vc_column][vc_column_text] CONCLUSION [\/vc_column_text][\/vc_column][\/vc_row][vc_row][vc_column][vc_column_text]Temps requis 45 minutes[\/vc_column_text][\/vc_column][\/vc_row][vc_row][vc_column width=\u00a0\u00bb1\/3&Prime;][vc_column_text] Buts de la session Cr\u00e9er un espace pour permettre aux participants de r\u00e9fl\u00e9chir sur l\u2019apprentissage re\u00e7u lors de la formation Faire \u00e9valuer la formation aux participants [\/vc_column_text][\/vc_column][vc_column width=\u00a0\u00bb1\/3&Prime;][vc_column_text] Objectifs d\u2019apprentissage A la fin de la session, les participants sauront: R\u00e9fl\u00e9chir sur le contenu et les comp\u00e9tences acquises lors [&hellip;]<\/p>\n","protected":false},"author":1,"featured_media":0,"parent":3294,"menu_order":0,"comment_status":"closed","ping_status":"closed","template":"","meta":{"_themeisle_gutenberg_block_has_review":false,"footnotes":""},"class_list":["post-3359","page","type-page","status-publish","hentry"],"_links":{"self":[{"href":"https:\/\/intercultural-learning.eu\/fr\/wp-json\/wp\/v2\/pages\/3359\/"}],"collection":[{"href":"https:\/\/intercultural-learning.eu\/fr\/wp-json\/wp\/v2\/pages\/"}],"about":[{"href":"https:\/\/intercultural-learning.eu\/fr\/wp-json\/wp\/v2\/types\/page\/"}],"author":[{"embeddable":true,"href":"https:\/\/intercultural-learning.eu\/fr\/wp-json\/wp\/v2\/users\/1\/"}],"replies":[{"embeddable":true,"href":"https:\/\/intercultural-learning.eu\/fr\/wp-json\/wp\/v2\/comments\/?post=3359"}],"version-history":[{"count":5,"href":"https:\/\/intercultural-learning.eu\/fr\/wp-json\/wp\/v2\/pages\/3359\/revisions\/"}],"predecessor-version":[{"id":3512,"href":"https:\/\/intercultural-learning.eu\/fr\/wp-json\/wp\/v2\/pages\/3359\/revisions\/3512\/"}],"up":[{"embeddable":true,"href":"https:\/\/intercultural-learning.eu\/fr\/wp-json\/wp\/v2\/pages\/3294\/"}],"wp:attachment":[{"href":"https:\/\/intercultural-learning.eu\/fr\/wp-json\/wp\/v2\/media\/?parent=3359"}],"curies":[{"name":"wp","href":"https:\/\/api.w.org\/{rel}","templated":true}]}}