{"id":3350,"date":"2018-09-17T17:11:59","date_gmt":"2018-09-17T15:11:59","guid":{"rendered":"http:\/\/intercultural-learning.eu\/formation-denseignants\/agenda-deux-jours\/"},"modified":"2018-09-19T16:53:32","modified_gmt":"2018-09-19T14:53:32","slug":"agenda-deux-jours","status":"publish","type":"page","link":"https:\/\/intercultural-learning.eu\/fr\/formation-denseignants\/agenda-deux-jours\/","title":{"rendered":"AGENDA \u2013 Deux jours"},"content":{"rendered":"<p>[vc_row][vc_column][vc_column_text]<\/p>\n<h1>AGENDA \u2013 Deux jours<\/h1>\n<p>[\/vc_column_text][vcex_spacing][\/vc_column][\/vc_row][vc_row][vc_column width=\u00a0\u00bb1\/2&Prime;][vc_column_text]<\/p>\n<table style=\"height: 151px;\" width=\"457\">\n<tbody>\n<tr>\n<td colspan=\"2\"><b>JOUR 1<\/b><\/td>\n<\/tr>\n<tr>\n<td><a href=\"https:\/\/intercultural-learning.eu\/fr\/formation-denseignants\/agenda-trois-jours\/bienvenue-et-presentation\/\" target=\"_blank\" rel=\"noopener\"><strong><span style=\"font-weight: 400;\">Bienvenue et Pr\u00e9sentation<\/span><\/strong><\/a><\/td>\n<td><span style=\"font-weight: 400;\">60 min<\/span><\/td>\n<\/tr>\n<tr>\n<td><strong><a href=\"https:\/\/intercultural-learning.eu\/fr\/formation-denseignants\/agenda-trois-jours\/apprentissage-interculturel-a-lecole\/\" target=\"_blank\" rel=\"noopener\"><span style=\"font-weight: 400;\">Apprentissage interculturel \u00e0 l\u2019\u00e9cole<\/span><\/a><\/strong><\/td>\n<td><span style=\"font-weight: 400;\">120 min<\/span><\/td>\n<\/tr>\n<tr>\n<td><i><span style=\"font-weight: 400;\">Pause d\u00e9jeuner<\/span><\/i><\/td>\n<td><span style=\"font-weight: 400;\">60-90 min<\/span><\/td>\n<\/tr>\n<tr>\n<td><strong><a href=\"https:\/\/intercultural-learning.eu\/fr\/formation-denseignants\/agenda-trois-jours\/mon-moi-interculturel\/\" target=\"_blank\" rel=\"noopener\"><span style=\"font-weight: 400;\">Mon moi interculturel<\/span><\/a>\u00a0\u00a0<\/strong><\/td>\n<td><span style=\"font-weight: 400;\">180 min<\/span><\/td>\n<\/tr>\n<\/tbody>\n<\/table>\n<p>[\/vc_column_text][\/vc_column][vc_column width=\u00a0\u00bb1\/2&Prime;][vc_column_text]<\/p>\n<table style=\"height: 333px;\" width=\"669\">\n<tbody>\n<tr>\n<td colspan=\"2\"><b>JOUR 2<\/b><\/td>\n<\/tr>\n<tr>\n<td><a href=\"https:\/\/intercultural-learning.eu\/fr\/formation-denseignants\/agenda-trois-jours\/evaluation-de-la-competence-interculturelle\/\" target=\"_blank\" rel=\"noopener\"><strong><span style=\"font-weight: 400;\">Astuces pour l&rsquo;\u00e9valuation de la Comp\u00e9tence Interculturelle<\/span><\/strong><\/a><\/td>\n<td>90 min<\/td>\n<\/tr>\n<tr>\n<td><i><span style=\"font-weight: 400;\">Pause<\/span><\/i><\/td>\n<td><span style=\"font-weight: 400;\">15-30 min<\/span><\/td>\n<\/tr>\n<tr>\n<td><a href=\"https:\/\/intercultural-learning.eu\/fr\/formation-denseignants\/agenda-trois-jours\/presentation-de-la-boite-a-outils-pour-lapprentissage-interculturel-a-lecole\/\" target=\"_blank\" rel=\"noopener\"><strong><span style=\"font-weight: 400;\">Pr\u00e9sentation de la bo\u00eete \u00e0 outils et Apprentissage interculturel \u00e0 l&rsquo;\u00e9cole et DIVE<\/span><\/strong><\/a><\/td>\n<td><span style=\"font-weight: 400;\">90 min<\/span><\/td>\n<\/tr>\n<tr>\n<td><i><span style=\"font-weight: 400;\">Pause d\u00e9jeuner<\/span><\/i><\/td>\n<td><span style=\"font-weight: 400;\">60-90 min<\/span><\/td>\n<\/tr>\n<tr>\n<td><a href=\"https:\/\/intercultural-learning.eu\/fr\/formation-denseignants\/agenda-trois-jours\/planifier-les-plans-dactions-pour-la-mise-en-oeuvre-de-la-boite-a-outils-dans-son-etablissement\/\" target=\"_blank\" rel=\"noopener\"><strong><span style=\"font-weight: 400;\">Plan d\u2019action pour la mise en oeuvre de la Bo\u00eete \u00e0 Outils de l&rsquo;Apprentissage Interculturel \u00e0 l&rsquo;\u00e9cole<\/span><\/strong><\/a><\/td>\n<td><span style=\"font-weight: 400;\">150 min<\/span><\/td>\n<\/tr>\n<tr>\n<td><a href=\"https:\/\/intercultural-learning.eu\/fr\/formation-denseignants\/agenda-trois-jours\/conclusion\/\" target=\"_blank\" rel=\"noopener\"><span style=\"font-weight: 400;\">Conclusion<\/span><\/a><\/td>\n<td><span style=\"font-weight: 400;\">45 min <\/span><\/td>\n<\/tr>\n<\/tbody>\n<\/table>\n<p>[\/vc_column_text][\/vc_column][\/vc_row]<\/p>\n","protected":false},"excerpt":{"rendered":"<p>[vc_row][vc_column][vc_column_text] AGENDA \u2013 Deux jours [\/vc_column_text][vcex_spacing][\/vc_column][\/vc_row][vc_row][vc_column width=\u00a0\u00bb1\/2&Prime;][vc_column_text] JOUR 1 Bienvenue et Pr\u00e9sentation 60 min Apprentissage interculturel \u00e0 l\u2019\u00e9cole 120 min Pause d\u00e9jeuner 60-90 min Mon moi interculturel\u00a0\u00a0 180 min [\/vc_column_text][\/vc_column][vc_column width=\u00a0\u00bb1\/2&Prime;][vc_column_text] JOUR 2 Astuces pour l&rsquo;\u00e9valuation de la Comp\u00e9tence Interculturelle 90 min Pause 15-30 min Pr\u00e9sentation de la bo\u00eete \u00e0 outils et Apprentissage interculturel \u00e0 [&hellip;]<\/p>\n","protected":false},"author":1,"featured_media":0,"parent":959,"menu_order":0,"comment_status":"closed","ping_status":"closed","template":"","meta":{"_themeisle_gutenberg_block_has_review":false,"footnotes":""},"class_list":["post-3350","page","type-page","status-publish","hentry"],"_links":{"self":[{"href":"https:\/\/intercultural-learning.eu\/fr\/wp-json\/wp\/v2\/pages\/3350\/"}],"collection":[{"href":"https:\/\/intercultural-learning.eu\/fr\/wp-json\/wp\/v2\/pages\/"}],"about":[{"href":"https:\/\/intercultural-learning.eu\/fr\/wp-json\/wp\/v2\/types\/page\/"}],"author":[{"embeddable":true,"href":"https:\/\/intercultural-learning.eu\/fr\/wp-json\/wp\/v2\/users\/1\/"}],"replies":[{"embeddable":true,"href":"https:\/\/intercultural-learning.eu\/fr\/wp-json\/wp\/v2\/comments\/?post=3350"}],"version-history":[{"count":4,"href":"https:\/\/intercultural-learning.eu\/fr\/wp-json\/wp\/v2\/pages\/3350\/revisions\/"}],"predecessor-version":[{"id":3426,"href":"https:\/\/intercultural-learning.eu\/fr\/wp-json\/wp\/v2\/pages\/3350\/revisions\/3426\/"}],"up":[{"embeddable":true,"href":"https:\/\/intercultural-learning.eu\/fr\/wp-json\/wp\/v2\/pages\/959\/"}],"wp:attachment":[{"href":"https:\/\/intercultural-learning.eu\/fr\/wp-json\/wp\/v2\/media\/?parent=3350"}],"curies":[{"name":"wp","href":"https:\/\/api.w.org\/{rel}","templated":true}]}}