{"id":3294,"date":"2018-09-10T14:20:29","date_gmt":"2018-09-10T12:20:29","guid":{"rendered":"http:\/\/intercultural-learning.eu\/formation-denseignants\/agenda-trois-jours\/"},"modified":"2018-09-19T15:49:20","modified_gmt":"2018-09-19T13:49:20","slug":"agenda-trois-jours","status":"publish","type":"page","link":"https:\/\/intercultural-learning.eu\/fr\/formation-denseignants\/agenda-trois-jours\/","title":{"rendered":"AGENDA \u2013 Trois jours"},"content":{"rendered":"<p>[vc_row][vc_column][vc_column_text]<\/p>\n<h1>AGENDA \u2013 Trois jours<\/h1>\n<hr \/>\n<p>[\/vc_column_text][\/vc_column][\/vc_row][vc_row][vc_column][vc_column_text]<\/p>\n<table style=\"height: 143px;\" width=\"425\">\n<tbody>\n<tr>\n<td colspan=\"2\"><strong>JOUR 1<\/strong><\/td>\n<\/tr>\n<tr>\n<td><a href=\"https:\/\/intercultural-learning.eu\/fr\/formation-denseignants\/agenda-trois-jours\/bienvenue-et-presentation\/\" target=\"_blank\" rel=\"noopener\">Bienvenue et Pr\u00e9sentation<\/a><\/td>\n<td>60 min<\/td>\n<\/tr>\n<tr>\n<td><a href=\"https:\/\/intercultural-learning.eu\/fr\/formation-denseignants\/agenda-trois-jours\/mon-moi-interculturel\/\" target=\"_blank\" rel=\"noopener\">Mon moi interculturel<\/a><\/td>\n<td>180 min<\/td>\n<\/tr>\n<\/tbody>\n<\/table>\n<hr \/>\n<table style=\"height: 353px;\" width=\"517\">\n<tbody>\n<tr>\n<td colspan=\"2\"><strong>JOUR 2<\/strong><\/td>\n<\/tr>\n<tr>\n<td><a href=\"https:\/\/intercultural-learning.eu\/fr\/formation-denseignants\/agenda-trois-jours\/apprentissage-interculturel-a-lecole\/\" target=\"_blank\" rel=\"noopener\">Apprentissage interculturel \u00e0 l\u2019\u00e9cole<\/a><\/td>\n<td>120 min<\/td>\n<\/tr>\n<tr>\n<td style=\"text-align: left;\">Pause<\/td>\n<td>15-30 min<\/td>\n<\/tr>\n<tr>\n<td><a href=\"https:\/\/intercultural-learning.eu\/fr\/formation-denseignants\/agenda-trois-jours\/evaluation-de-la-competence-interculturelle\/\" target=\"_blank\" rel=\"noopener\">Astuces pour l&rsquo;\u00e9valuation de la Comp\u00e9tence Interculturelle<\/a><\/td>\n<td>90 min<\/td>\n<\/tr>\n<tr>\n<td style=\"text-align: left;\">Pause d\u00e9jeuner<\/td>\n<td>60-90 <a href=\"https:\/\/intercultural-learning.eu\/fr\/formation-denseignants\/agenda-trois-jours\/presentation-de-la-boite-a-outils-pour-lapprentissage-interculturel-a-lecole\/\" target=\"_blank\" rel=\"noopener\">min<\/a><\/td>\n<\/tr>\n<tr>\n<td><a href=\"https:\/\/intercultural-learning.eu\/fr\/formation-denseignants\/agenda-trois-jours\/presentation-de-la-boite-a-outils-pour-lapprentissage-interculturel-a-lecole\/\" target=\"_blank\" rel=\"noopener\">Pr\u00e9sentation de la bo\u00eete \u00e0 outils et Apprentissage Interculturel \u00e0 l&rsquo;\u00e9cole et DIVE<\/a><\/td>\n<td>90 min<\/td>\n<\/tr>\n<tr>\n<td style=\"text-align: left;\">Pause<\/td>\n<td>15-30 min<\/td>\n<\/tr>\n<tr>\n<td><a href=\"https:\/\/intercultural-learning.eu\/fr\/formation-denseignants\/agenda-trois-jours\/opportunites-offertes-par-les-activites-de-la-boite-a-outils\/\" target=\"_blank\" rel=\"noopener\">Opportunit\u00e9s offertes par les activit\u00e9s de la bo\u00eete \u00e0 outils<\/a><\/td>\n<td>120 min<\/td>\n<\/tr>\n<\/tbody>\n<\/table>\n<hr \/>\n<table style=\"height: 114px;\" width=\"610\">\n<tbody>\n<tr>\n<td colspan=\"2\"><strong>JOUR 3<\/strong><\/td>\n<\/tr>\n<tr>\n<td><a href=\"https:\/\/intercultural-learning.eu\/fr\/formation-denseignants\/agenda-trois-jours\/planifier-les-plans-dactions-pour-la-mise-en-oeuvre-de-la-boite-a-outils-dans-son-etablissement\/\" target=\"_blank\" rel=\"noopener\">Plan d\u2019action pour la mise en oeuvre de la Bo\u00eete \u00e0 Outils de l&rsquo;Apprentissage<\/a><\/td>\n<td>150 min<\/td>\n<\/tr>\n<tr>\n<td><a href=\"https:\/\/intercultural-learning.eu\/fr\/formation-denseignants\/agenda-trois-jours\/conclusion\/\" target=\"_blank\" rel=\"noopener\">Conclusion<\/a><\/td>\n<td>45 min<\/td>\n<\/tr>\n<\/tbody>\n<\/table>\n<p>[\/vc_column_text][\/vc_column][\/vc_row]<\/p>\n","protected":false},"excerpt":{"rendered":"<p>[vc_row][vc_column][vc_column_text] AGENDA \u2013 Trois jours [\/vc_column_text][\/vc_column][\/vc_row][vc_row][vc_column][vc_column_text] JOUR 1 Bienvenue et Pr\u00e9sentation 60 min Mon moi interculturel 180 min JOUR 2 Apprentissage interculturel \u00e0 l\u2019\u00e9cole 120 min Pause 15-30 min Astuces pour l&rsquo;\u00e9valuation de la Comp\u00e9tence Interculturelle 90 min Pause d\u00e9jeuner 60-90 min Pr\u00e9sentation de la bo\u00eete \u00e0 outils et Apprentissage Interculturel \u00e0 l&rsquo;\u00e9cole et DIVE [&hellip;]<\/p>\n","protected":false},"author":1,"featured_media":0,"parent":959,"menu_order":0,"comment_status":"closed","ping_status":"closed","template":"","meta":{"_themeisle_gutenberg_block_has_review":false,"footnotes":""},"class_list":["post-3294","page","type-page","status-publish","hentry"],"_links":{"self":[{"href":"https:\/\/intercultural-learning.eu\/fr\/wp-json\/wp\/v2\/pages\/3294\/"}],"collection":[{"href":"https:\/\/intercultural-learning.eu\/fr\/wp-json\/wp\/v2\/pages\/"}],"about":[{"href":"https:\/\/intercultural-learning.eu\/fr\/wp-json\/wp\/v2\/types\/page\/"}],"author":[{"embeddable":true,"href":"https:\/\/intercultural-learning.eu\/fr\/wp-json\/wp\/v2\/users\/1\/"}],"replies":[{"embeddable":true,"href":"https:\/\/intercultural-learning.eu\/fr\/wp-json\/wp\/v2\/comments\/?post=3294"}],"version-history":[{"count":20,"href":"https:\/\/intercultural-learning.eu\/fr\/wp-json\/wp\/v2\/pages\/3294\/revisions\/"}],"predecessor-version":[{"id":3419,"href":"https:\/\/intercultural-learning.eu\/fr\/wp-json\/wp\/v2\/pages\/3294\/revisions\/3419\/"}],"up":[{"embeddable":true,"href":"https:\/\/intercultural-learning.eu\/fr\/wp-json\/wp\/v2\/pages\/959\/"}],"wp:attachment":[{"href":"https:\/\/intercultural-learning.eu\/fr\/wp-json\/wp\/v2\/media\/?parent=3294"}],"curies":[{"name":"wp","href":"https:\/\/api.w.org\/{rel}","templated":true}]}}